{"id":251,"date":"2020-10-14T08:11:25","date_gmt":"2020-10-14T07:11:25","guid":{"rendered":"http:\/\/www.institutviladomat.cat\/blogs\/espaialumnes\/?page_id=251"},"modified":"2021-10-15T11:50:54","modified_gmt":"2021-10-15T10:50:54","slug":"convalidacions-musica-dansa-esport","status":"publish","type":"page","link":"https:\/\/www.institutviladomat.cat\/blogs\/espaialumnes\/convalidacions-musica-dansa-esport\/","title":{"rendered":"CONVALIDACIONS M\u00daSICA, DANSA, ESPORT"},"content":{"rendered":"\n<figure class=\"wp-block-image alignwide size-large\"><img decoding=\"async\" loading=\"lazy\" width=\"800\" height=\"167\" src=\"http:\/\/www.institutviladomat.cat\/blogs\/espaialumnes\/wp-content\/uploads\/sites\/11\/2021\/07\/banner_CONVALIDACIO.jpg\" alt=\"\" class=\"wp-image-310\" srcset=\"https:\/\/www.institutviladomat.cat\/blogs\/espaialumnes\/wp-content\/uploads\/sites\/11\/2021\/07\/banner_CONVALIDACIO.jpg 800w, https:\/\/www.institutviladomat.cat\/blogs\/espaialumnes\/wp-content\/uploads\/sites\/11\/2021\/07\/banner_CONVALIDACIO-300x63.jpg 300w, https:\/\/www.institutviladomat.cat\/blogs\/espaialumnes\/wp-content\/uploads\/sites\/11\/2021\/07\/banner_CONVALIDACIO-768x160.jpg 768w\" sizes=\"(max-width: 800px) 100vw, 800px\" \/><\/figure>\n\n\n\n<h5 class=\"wp-block-heading\">Normativa de les convalidacions de <a href=\"https:\/\/agora.xtec.cat\/insviladomat\/wp-content\/uploads\/usu299\/2019\/10\/DANSA-ESO_BTX.pdf\">Dansa,&nbsp;<\/a><a href=\"https:\/\/agora.xtec.cat\/insviladomat\/wp-content\/uploads\/usu299\/2019\/10\/ESPORT-ESO_BTX.pdf\">Esports, <\/a><a href=\"https:\/\/agora.xtec.cat\/insviladomat\/wp-content\/uploads\/usu299\/2019\/10\/MUSICA-ESO_BTX.pdf\">M\u00fasica<\/a><\/h5>\n\n\n\n<p>El 31 d\u2019octubre&nbsp; finalitzar\u00e0 el termini de presentaci\u00f3 a secretaria de les sol\u00b7licituds per a la convalidaci\u00f3 d\u2019optatives\/m\u00fasica\/educaci\u00f3 f\u00edsica per simultane\u00eftat d\u2019ESO o Batxillerat amb estudis de m\u00fasica o dansa.<\/p>\n\n\n\n<p>Convalidaci\u00f3: quan l\u2019alumnat cursa estudis en un conservatori o en un centre professional.<\/p>\n\n\n\n<p>Els alumnes que cursen ESO i, simult\u00e0niament, estudis de dansa en conservatoris, centres professionals o escoles de dansa autoritzades, poden sol\u00b7licitar la convalidaci\u00f3 o el reconeixement de:<\/p>\n\n\n\n<p>Mat\u00e8ries que es poden convalidar:<\/p>\n\n\n\n<ul><li>Educaci\u00f3 F\u00edsica<\/li><li>M\u00fasica (la mat\u00e8ria comuna de primer a tercer curs d\u2019ESO)<\/li><li>Les mat\u00e8ries optatives de primer a tercer curs d\u2019ESO (2 hores per curs)<\/li><li>Una mat\u00e8ria optativa de quart curs d\u2019ESO (fins a un m\u00e0xim de 3 hores)<\/li><li>Mat\u00e8ries de la franja d\u2019espec\u00edfiques (fins a un m\u00e0xim de 4 hores per curs) per a alumnes de batxillerat<\/li><\/ul>\n\n\n\n<p>No s\u00f3n convalidables les mat\u00e8ries de Cultura i Valors \u00c8tics i de Religi\u00f3, el Treball de S\u00edntesi (de primer a tercer) ni el Projecte de Recerca de quart curs.<\/p>\n\n\n\n<p>Mat\u00e8ries que es poden recon\u00e8ixer: dep\u00e8n del nombre d\u2019hores de dedicaci\u00f3 setmanal (entre 5 i 7,o m\u00e9s de 7 pel que fa a dansa; i entre 3 i 4 hores, o m\u00e9s de 4 pel que fa a m\u00fasica) i s\u00f3n les mateixes que en el cas de la convalidaci\u00f3.<\/p>\n\n\n\n<p>At\u00e8s que totes aquestes possibilitats es fonamenten en el fet de simultaniejar estudis ordinaris amb els estudis de dansa, la sol\u00b7licitud s\u2019ha de renovar cada curs. Els alumnes que ho vulguin poden sol\u00b7licitar la convalidaci\u00f3 o el reconeixement d\u2019un nombre d\u2019hores inferior a aquell a qu\u00e8 tenen dret.<\/p>\n\n\n\n<p><strong>DOCUMENTS QUE CAL PRESENTAR A LA SECRETARIA DE L\u2019 INSTITUT:<\/strong><\/p>\n\n\n\n<ol><li>Impr\u00e8s de&nbsp;<strong>sol\u00b7licitud&nbsp;<\/strong>de reducci\u00f3 de mat\u00e8ries de l\u2019educaci\u00f3 secund\u00e0ria obligat\u00f2ria.<\/li><li><strong>Certificaci\u00f3&nbsp;<\/strong>expedida per l\u2019escola de m\u00fasica on s\u2019acrediti el nombre d\u2019hores de dedicaci\u00f3 setmanal. (Es pot baixar d\u2019internet o demanar-lo a l\u2019escola corresponent)<\/li><li><a href=\"https:\/\/docs.google.com\/document\/d\/1EpjyKfDQV8rg2NYFEs1QefwzzMN_ETEodH_sa8JRWS8\/edit?usp=sharing\" target=\"_blank\" rel=\"noreferrer noopener\"><strong>Autoritzaci\u00f3&nbsp;<\/strong><\/a>dels pares per entrar m\u00e9s tard o marxar abans a casa, en cas de tenir la reducci\u00f3 hor\u00e0ria a primeres o \u00faltimes hores del mat\u00ed o de la tarda.<\/li><li>L\u2019alumne\/a haur\u00e0 de continuar assistint a classe fins que se li faci arribar la&nbsp;<strong>resoluci\u00f3 <\/strong>per part de la direcci\u00f3 del centre.<\/li><\/ol>\n\n\n\n<p>EL TERMINI DE PRESENTACI\u00d3 DE SOL\u00b7LICITUDS S\u2019ACABA EL&nbsp;<strong>31 D\u2019OCTUBRE.<\/strong><\/p>\n\n\n\n<figure class=\"wp-block-table\"><table><tbody><tr><td>Sol\u00b7licitud de reducci\u00f3 de mat\u00e8ries de l\u2019educaci\u00f3 secund\u00e0ria obligat\u00f2ria (ESO) per als alumnes que cursen estudis de dansa en un conservatori o en un centre professional o en una escola de dansa autoritzada. EDA1<\/td><td><a href=\"https:\/\/documents.espai.educacio.gencat.cat\/FormularisModels\/CentresGestioAdministrativa\/SimultaneitatMusicaDansa\/A504.pdf\" target=\"_blank\" rel=\"noreferrer noopener\">.A504<\/a>\u2013 1255kb<\/td><td>&nbsp;<\/td><\/tr><tr><td>Sol\u00b7licitud de reducci\u00f3 de mat\u00e8ries de la franja d\u2019espec\u00edfiques i\/o de l\u2019educaci\u00f3 f\u00edsica de batxillerat basant-se en estudis de dansa en un conservatori o en un centre professional. BDA1<\/td><td><a href=\"https:\/\/documents.espai.educacio.gencat.cat\/FormularisModels\/CentresGestioAdministrativa\/SimultaneitatMusicaDansa\/APU145.pdf\" target=\"_blank\" rel=\"noreferrer noopener\">.APU145<\/a>\u2013 239kb<\/td><td>&nbsp;<\/td><\/tr><tr><td>Sol\u00b7licitud de reducci\u00f3 de mat\u00e8ries de la franja d\u2019espec\u00edfiques i\/o de l\u2019educaci\u00f3 f\u00edsica de batxillerat basant-se en estudis de dansa en una escola de dansa autoritzada. BDA3<\/td><td><a href=\"https:\/\/documents.espai.educacio.gencat.cat\/FormularisModels\/CentresGestioAdministrativa\/SimultaneitatMusicaDansa\/APU147.pdf\" target=\"_blank\" rel=\"noreferrer noopener\">.APU147<\/a>\u2013 263kb<\/td><td>&nbsp;<\/td><\/tr><\/tbody><\/table><\/figure>\n\n\n\n<figure class=\"wp-block-table\"><table><tbody><tr><td>Sol\u00b7licitud de reducci\u00f3 de mat\u00e8ries de l\u2019educaci\u00f3 secund\u00e0ria obligat\u00f2ria (ESO) per als alumnes que cursen estudis de m\u00fasica en un conservatori o centre professional o en una escola de m\u00fasica autoritzada. EMU1<\/td><td><a href=\"https:\/\/documents.espai.educacio.gencat.cat\/FormularisModels\/CentresGestioAdministrativa\/SimultaneitatMusicaDansa\/APU154.pdf\" target=\"_blank\" rel=\"noreferrer noopener\">.APU154<\/a>\u2013 225kb<\/td><td>&nbsp;<\/td><\/tr><tr><td>Sol\u00b7licitud de reducci\u00f3 de mat\u00e8ries de la franja d\u2019espec\u00edfiques de batxillerat basant-se en estudis de m\u00fasica en un conservatori o en un centre professional. BMU1<\/td><td>&nbsp;<a href=\"https:\/\/documents.espai.educacio.gencat.cat\/FormularisModels\/CentresGestioAdministrativa\/SimultaneitatMusicaDansa\/APU138.pdf\" target=\"_blank\" rel=\"noreferrer noopener\">.APU138<\/a>\u2013 226kb<\/td><td>&nbsp;<\/td><\/tr><tr><td>Sol\u00b7licitud de reducci\u00f3 de mat\u00e8ries de batxillerat basant-se en estudis de m\u00fasica en una escola de m\u00fasica autoritzada. BMU3<\/td><td>&nbsp;<a href=\"https:\/\/documents.espai.educacio.gencat.cat\/FormularisModels\/CentresGestioAdministrativa\/SimultaneitatMusicaDansa\/APU140.pdf\" target=\"_blank\" rel=\"noreferrer noopener\">.APU140<\/a>\u2013 232kb<\/td><td>&nbsp;<\/td><\/tr><\/tbody><\/table><\/figure>\n\n\n\n<h5 class=\"wp-block-heading\"><strong>SIMULTANE\u00cfTAT D\u2019ESTUDIS AMB PR\u00c0CTICA INTENSIVA D\u2019ESPORT<\/strong><\/h5>\n\n\n\n<p class=\"has-text-align-left\"><img decoding=\"async\" loading=\"lazy\" width=\"110\" height=\"110\" class=\"wp-image-330\" style=\"width: 75px;\" src=\"http:\/\/www.institutviladomat.cat\/blogs\/espaialumnes\/wp-content\/uploads\/sites\/11\/2021\/07\/icona_esport.png\" alt=\"\">Els alumnes d\u2019ESO i batxillerat amb dedicaci\u00f3 significativa a l\u2019esport avalada pel Consell Catal\u00e0 de l\u2019Esport, poden sol\u00b7licitar que se\u2019ls apliqui un&nbsp;<strong>pla individualitzat<\/strong>&nbsp;que inclogui el&nbsp;<strong>reconeixement de la mat\u00e8ria d\u2019educaci\u00f3 f\u00edsica i d\u2019algunes mat\u00e8ries optatives durant l\u2019etapa d\u2019ESO.<\/strong><\/p>\n\n\n\n<p>Pels alumnes que fan ESO i en casos excepcionals en qu\u00e8 les circumst\u00e0ncies individuals de l\u2019alumne i la seva dedicaci\u00f3 intensiva a l\u2019esport aix\u00ed ho justifiquin, amb\u00a0<strong>una dedicaci\u00f3 hor\u00e0ria de m\u00e9s de 9 hores setmanals d\u2019entrenament<\/strong>\u00a0, l\u2019alumne pot sol\u00b7licitar un pla individualitzat que comporti el\u00a0<strong>reconeixement de la mat\u00e8ria d\u2019educaci\u00f3 f\u00edsica<\/strong>. <\/p>\n\n\n\n<p><strong>DOCUMENTS QUE CAL PRESENTAR A LA SECRETARIA DE L\u2019INSTITUT:<\/strong><\/p>\n\n\n\n<ol><li>Impr\u00e8s de&nbsp;<strong>sol\u00b7licitud<\/strong>&nbsp;de Pla Individualitzat per al reconeixement de l\u2019Educaci\u00f3 f\u00edsica (model SEFESO).<\/li><li><strong>Certificaci\u00f3<\/strong>&nbsp;<strong>expedida&nbsp;<\/strong><strong>Certificat del Consell Catal\u00e0 de l\u2019Esport<\/strong>&nbsp;(els alumnes poden obtenir aquest certificat quan siguin esportistes que figuren en el programa de tecnificaci\u00f3 ARC de la federaci\u00f3 catalana corresponent), o b\u00e9&nbsp;<strong>certificat del Club o Federaci\u00f3 en el qual hi consti el nombre d\u2019hores setmanals d\u2019entrenament.<\/strong><\/li><li><a href=\"https:\/\/docs.google.com\/document\/d\/1EpjyKfDQV8rg2NYFEs1QefwzzMN_ETEodH_sa8JRWS8\/edit?usp=sharing\" target=\"_blank\" rel=\"noreferrer noopener\"><strong>Autoritzaci\u00f3<\/strong>&nbsp;<\/a>dels pares per entrar m\u00e9s tard o marxar abans a casa, en cas de tenir la reducci\u00f3 hor\u00e0ria a primeres o \u00faltimes hores del mat\u00ed.<\/li><li>L\u2019alumne\/a haur\u00e0 de continuar assistint a classe fins que se li faci arribar la&nbsp;<strong>resoluci\u00f3<\/strong>&nbsp;per part de la direcci\u00f3 del centre.<\/li><\/ol>\n\n\n\n<p><strong>EL TERMINI DE PRESENTACI\u00d3 DE SOL\u00b7LICITUDS DE REDUCCI\u00d3 DE MAT\u00c8RIES OPTATIVES S\u2019ACABA EL&nbsp;31 D\u2019OCTUBRE.<\/strong><\/p>\n\n\n\n<p><a href=\"https:\/\/documents.espai.educacio.gencat.cat\/FormularisModels\/CentresDocumentacioAcademica\/APR545.pdf\" target=\"_blank\" rel=\"noreferrer noopener\">Sol\u00b7licitud ESO<\/a><\/p>\n\n\n\n<p><a href=\"https:\/\/www.alzina.cat\/wp-content\/uploads\/2018\/09\/Convalidacio_educacio_fisica_BTX.pdf\" target=\"_blank\" rel=\"noreferrer noopener\">Sol\u00b7licitud Batxillerat<\/a><\/p>\n","protected":false},"excerpt":{"rendered":"<p>Normativa de les convalidacions de Dansa,&nbsp;Esports, M\u00fasica El 31 d\u2019octubre&nbsp; finalitzar\u00e0 el termini de presentaci\u00f3 a secretaria de les sol\u00b7licituds<\/p>\n","protected":false},"author":6,"featured_media":0,"parent":0,"menu_order":0,"comment_status":"closed","ping_status":"closed","template":"","meta":[],"_links":{"self":[{"href":"https:\/\/www.institutviladomat.cat\/blogs\/espaialumnes\/wp-json\/wp\/v2\/pages\/251"}],"collection":[{"href":"https:\/\/www.institutviladomat.cat\/blogs\/espaialumnes\/wp-json\/wp\/v2\/pages"}],"about":[{"href":"https:\/\/www.institutviladomat.cat\/blogs\/espaialumnes\/wp-json\/wp\/v2\/types\/page"}],"author":[{"embeddable":true,"href":"https:\/\/www.institutviladomat.cat\/blogs\/espaialumnes\/wp-json\/wp\/v2\/users\/6"}],"replies":[{"embeddable":true,"href":"https:\/\/www.institutviladomat.cat\/blogs\/espaialumnes\/wp-json\/wp\/v2\/comments?post=251"}],"version-history":[{"count":7,"href":"https:\/\/www.institutviladomat.cat\/blogs\/espaialumnes\/wp-json\/wp\/v2\/pages\/251\/revisions"}],"predecessor-version":[{"id":372,"href":"https:\/\/www.institutviladomat.cat\/blogs\/espaialumnes\/wp-json\/wp\/v2\/pages\/251\/revisions\/372"}],"wp:attachment":[{"href":"https:\/\/www.institutviladomat.cat\/blogs\/espaialumnes\/wp-json\/wp\/v2\/media?parent=251"}],"curies":[{"name":"wp","href":"https:\/\/api.w.org\/{rel}","templated":true}]}}