{"id":415,"date":"2025-09-24T17:36:59","date_gmt":"2025-09-24T16:36:59","guid":{"rendered":"https:\/\/www.institutviladomat.cat\/blogs\/espaialumnes\/?page_id=415"},"modified":"2025-10-07T08:39:20","modified_gmt":"2025-10-07T07:39:20","slug":"protocol-de-vaga","status":"publish","type":"page","link":"https:\/\/www.institutviladomat.cat\/blogs\/espaialumnes\/protocol-de-vaga\/","title":{"rendered":"PROTOCOL VAGA"},"content":{"rendered":"\n<h4 class=\"wp-block-heading has-white-background-color has-background\">(Text extret de les NOFC)<\/h4>\n\n\n\n<p class=\"has-white-color has-pale-cyan-blue-background-color has-text-color has-background\"><strong><em><a rel=\"noreferrer noopener\" href=\"https:\/\/docs.google.com\/document\/d\/1y-b5EsrMrt2P7KFiQ7Wi2Ef6NMh0VvzrRf_qf0Dhf1k\/edit?usp=sharing\" target=\"_blank\">Full votacions i motius vaga<\/a>  <\/em><\/strong>   (cal lliurar-lo a la representant del Consell escolar que el lliurar\u00e0 a gesti\u00f3)<\/p>\n\n\n\n<h4 class=\"wp-block-heading\"><strong>Protocol per convocar i fer una vaga<\/strong><\/h4>\n\n\n\n<p><strong>Decisions col\u00b7lectives adoptades per l\u2019alumnat, en relaci\u00f3 amb la seva assist\u00e8ncia a classe<\/strong><\/p>\n\n\n\n<h6 class=\"wp-block-heading\">Segons el que prescriu el decret d\u2019autonomia de centres en l\u2019article 24.2: \u201cA partir del 3r d\u2019ESO les decisions col\u00b7lectives adoptades per l\u2019alumnat, en relaci\u00f3 amb la seva assist\u00e8ncia a classe (vaga) i en exercici del dret de reuni\u00f3, no tindran la consideraci\u00f3 de falta, si han estat comunicades a l\u2019equip de Gesti\u00f3 amb antelaci\u00f3 i es disposa de la corresponent autoritzaci\u00f3 de la fam\u00edlia\u201d.&nbsp;<\/h6>\n\n\n\n<h6 class=\"wp-block-heading\"><\/h6>\n\n\n\n<p>A primer i segon d\u2019ESO la normativa del Departament d\u2019Ensenyament no permet exercir el dret de vaga. A partir del 3r d\u2019ESO les decisions col\u00b7lectives adoptades per l\u2019alumnat, en relaci\u00f3 amb la seva assist\u00e8ncia a classe (vaga) i en exercici del dret de reuni\u00f3, no tindran la consideraci\u00f3 de falta, si han estat comunicades a l\u2019equip de Gesti\u00f3 amb antelaci\u00f3 i es disposa de la corresponent autoritzaci\u00f3 de la fam\u00edlia.<\/p>\n\n\n\n<p>Caldr\u00e0 seguir aquest protocol:<\/p>\n\n\n\n<p>Els\/les delegats\/des de classe i els\/les representants de l\u2019alumnat en el Consell Escolar es reuniran per decidir si segueixen la convocat\u00f2ria de vaga. En cas afirmatiu avisaran de l\u2019inici del procediment a Gesti\u00f3.<\/p>\n\n\n\n<p>Cada delegat\/da haur\u00e0 d\u2019informar a la seva classe dels motius pels quals es vol convocar la vaga. Cada grup classe haur\u00e0 de votar i els resultats de les votacions els recollir\u00e0 un dels representants de l\u2019alumnat en el Consell Escolar i els far\u00e0 arribar a Gesti\u00f3.<\/p>\n\n\n\n<p>Si el resultat de la votaci\u00f3 \u00e9s que es decideix fer la vaga, i el procediment ha estat correctament portat a terme, Gesti\u00f3 lliurar\u00e0 un full informatiu a les fam\u00edlies, on afegir\u00e0 una explicaci\u00f3 de l\u2019alumnat dels motius que t\u00e9 per seguir la vaga. Les fam\u00edlies hauran de retornar la part inferior del full signada i indicant si autoritzen o no al seu fill o filla a seguir la vaga.<\/p>\n\n\n\n<p>L\u2019alumnat que a causa de la vaga no hagi d\u2019utilitzar el servei de menjador ha d\u2019avisar-ho amb antelaci\u00f3 al\/a la coordinador\/a de menjador.<\/p>\n\n\n\n<p>Si es fa vaga i\/o manifestaci\u00f3 sense complir aquests requisits, no tindr\u00e0 l\u2019autoritzaci\u00f3 del centre i les faltes seran injustificades.<\/p>\n\n\n\n<p>El professorat atendr\u00e0 l\u2019alumnat que resti al centre. En cap cas es realitzaran activitats avaluatives.<\/p>\n","protected":false},"excerpt":{"rendered":"<p>(Text extret de les NOFC) Full votacions i motius vaga (cal lliurar-lo a la representant del Consell escolar que el<\/p>\n","protected":false},"author":8,"featured_media":0,"parent":0,"menu_order":0,"comment_status":"closed","ping_status":"closed","template":"","meta":[],"_links":{"self":[{"href":"https:\/\/www.institutviladomat.cat\/blogs\/espaialumnes\/wp-json\/wp\/v2\/pages\/415"}],"collection":[{"href":"https:\/\/www.institutviladomat.cat\/blogs\/espaialumnes\/wp-json\/wp\/v2\/pages"}],"about":[{"href":"https:\/\/www.institutviladomat.cat\/blogs\/espaialumnes\/wp-json\/wp\/v2\/types\/page"}],"author":[{"embeddable":true,"href":"https:\/\/www.institutviladomat.cat\/blogs\/espaialumnes\/wp-json\/wp\/v2\/users\/8"}],"replies":[{"embeddable":true,"href":"https:\/\/www.institutviladomat.cat\/blogs\/espaialumnes\/wp-json\/wp\/v2\/comments?post=415"}],"version-history":[{"count":10,"href":"https:\/\/www.institutviladomat.cat\/blogs\/espaialumnes\/wp-json\/wp\/v2\/pages\/415\/revisions"}],"predecessor-version":[{"id":443,"href":"https:\/\/www.institutviladomat.cat\/blogs\/espaialumnes\/wp-json\/wp\/v2\/pages\/415\/revisions\/443"}],"wp:attachment":[{"href":"https:\/\/www.institutviladomat.cat\/blogs\/espaialumnes\/wp-json\/wp\/v2\/media?parent=415"}],"curies":[{"name":"wp","href":"https:\/\/api.w.org\/{rel}","templated":true}]}}